{"id":381,"date":"2025-04-14T09:27:13","date_gmt":"2025-04-14T09:27:13","guid":{"rendered":"https:\/\/weinundkultur.eu\/at\/?page_id=381"},"modified":"2025-08-28T08:18:59","modified_gmt":"2025-08-28T08:18:59","slug":"selezione-italia-30","status":"publish","type":"page","link":"https:\/\/weinundkultur.eu\/at\/selezione-italia-30\/","title":{"rendered":"Selezione Italia 30"},"content":{"rendered":"\n<h2 class=\"wp-block-heading has-text-align-center is-style-default has-custom-wuk-red-color has-text-color has-link-color has-x-large-font-size wp-elements-57acbc263db6e2093f27656b475a7dde\">Montag, 15. September 2025,  12-19.00   Hotel Regina, Vienna<\/h2>\n\n\n\n<div class=\"wp-block-columns is-layout-flex wp-container-core-columns-is-layout-d0b3c9c8 wp-block-columns-is-layout-flex\">\n<div class=\"wp-block-column is-layout-flow wp-block-column-is-layout-flow\" style=\"--col-width:75%;flex-basis:75%\">\n<p>Liebe Weinfreunde,<\/p>\n\n\n\n<p>dieses Mal gibt es 6 Gr\u00fcnde f\u00fcr die Teilnahme an unserer Jubil\u00e4ums-Veranstaltung am Mo.15.9. im Hotel Regina in Wien:<\/p>\n\n\n\n<ol class=\"wp-block-list\">\n<li>200 Weine von 60 spannende WinzerInnen aus ganz Italien<\/li>\n\n\n\n<li>Ros\u00e8-Seminar mit dem Direktor des Consorzio Valt\u00e8nesi vom Gardasee<\/li>\n\n\n\n<li>Metodo classico-Schwerpunkt mit Franciacorta, Trento Doc, Alta Langa, Lessini Durello<\/li>\n\n\n\n<li>Gourmet-Partner Madia Gastro mit vielen Delikatessen und Weinen von 15 WinzerInnen (Mistervino)<\/li>\n\n\n\n<li>Oliven\u00f6l-Hommage f\u00fcr die ersten 100 Teilnehmer an unserer 30. Selezione Italia!<\/li>\n\n\n\n<li>&#8222;Gran finale&#8220; mit Panettone, Amaro, Gin, Grappa und Caff\u00e8!<\/li>\n<\/ol>\n\n\n\n<p>Einige unsere Highlights sind Wei\u00dfweine aus dem Friaul, Barolo, Brunello und Amarone. Wir k\u00f6nnen aber auch Rarit\u00e4ten entdecken wie Nascetta, Falanghina, Greco, Fiano, Montefalco, einen Riesling-Sekt aus Kalabrien und einen Traminer aus Sizilien.<\/p>\n\n\n\n<p><strong>Trentino:&nbsp;<\/strong><a href=\"https:\/\/www.cesarinisforza.it\/\" target=\"_blank\" rel=\"noreferrer noopener\">Cesarini Sforza Spumanti<\/a>,&nbsp;<a href=\"https:\/\/la-vis.com\/\" target=\"_blank\" rel=\"noreferrer noopener\">Cantina di La-vis e Valle di Cembra<\/a>,&nbsp;<a href=\"https:\/\/www.endrizzi.it\/de\/\" target=\"_blank\" rel=\"noreferrer noopener\">Endrizzi<\/a><\/p>\n\n\n\n<p><strong>Lombardia:&nbsp;<\/strong><a href=\"https:\/\/www.bellavistawine.it\/\" target=\"_blank\" rel=\"noreferrer noopener\">Bellavista<\/a>,&nbsp;<a href=\"https:\/\/www.vigneticenci.com\/\">Vigneti Cenci<\/a>, <a href=\"https:\/\/www.cantinaricchi.it\/it\" target=\"_blank\" rel=\"noreferrer noopener\">Cantina Ricchi<\/a>,&nbsp;<a href=\"https:\/\/www.castelveder.it\/\" target=\"_blank\" rel=\"noreferrer noopener\">Castelveder<\/a>,&nbsp;<a href=\"http:\/\/www.pellegrinifranco.it\/site\/\">Franco Pellegrini<\/a>, <a href=\"https:\/\/www.consorziovaltenesi.it\/territorio\/\" target=\"_blank\" rel=\"noreferrer noopener\">Consorzio Valt\u00e9nesi<\/a><\/p>\n\n\n\n<p><strong>Friuli Venezia Giulia:<\/strong>&nbsp;<a href=\"https:\/\/www.contedattimismaniago.it\/\" target=\"_blank\" rel=\"noreferrer noopener\">Conte d&#8217;Attimis Maniago<\/a>,&nbsp;<a href=\"https:\/\/marinadanieli.estate\/azienda-agricola\/\" target=\"_blank\" rel=\"noreferrer noopener\">Marina Danieli<\/a>,&nbsp;<a href=\"https:\/\/www.dariocoos.it\/\">Dario Coos<\/a>, <a href=\"https:\/\/www.komjancalessio.com\/de\/\" target=\"_blank\" rel=\"noreferrer noopener\">Alessio Komjanc<\/a>,&nbsp;<a href=\"https:\/\/www.feresin.it\/\" target=\"_blank\" rel=\"noreferrer noopener\">Davide Feresin<\/a>,&nbsp;<a href=\"https:\/\/www.roncoblanchis.it\/\" target=\"_blank\" rel=\"noreferrer noopener\">Ronco Blanchis<\/a>,&nbsp;<a href=\"http:\/\/www.dinoturco.com\/\" target=\"_blank\" rel=\"noreferrer noopener\">Turco Dino<\/a>,&nbsp;<a href=\"https:\/\/www.instagram.com\/giacomoorlandovini\/\" target=\"_blank\" rel=\"noreferrer noopener\">Giacomo Orlando<\/a>,&nbsp;<a href=\"https:\/\/www.denismontanar.it\/eng\/\" target=\"_blank\" rel=\"noreferrer noopener\">Denis Montanar<\/a>, <a href=\"https:\/\/www.obiz.it\/\">Obiz<\/a><\/p>\n\n\n\n<p><strong>Veneto:<\/strong>&nbsp;<a href=\"https:\/\/www.tenutasantamaria.wine\/\" target=\"_blank\" rel=\"noreferrer noopener\">Tenuta Santa Maria di Gaetano Bertani<\/a>,&nbsp;<a href=\"https:\/\/www.vinimontresor.com\/de\/\" target=\"_blank\" rel=\"noreferrer noopener\">Montresor<\/a>,&nbsp;<a href=\"https:\/\/fattoriwines.com\/\" target=\"_blank\" rel=\"noreferrer noopener\">Fattori<\/a>,&nbsp;<a href=\"https:\/\/www.dariva.eu\/\" target=\"_blank\" rel=\"noreferrer noopener\">Da Riva Giulio<\/a>,&nbsp;<a href=\"https:\/\/sandrodebruno.it\/it\" target=\"_blank\" rel=\"noreferrer noopener\">Sandro de Bruno<\/a>,&nbsp;<a href=\"https:\/\/www.collisoligo.com\/de\/weingut\/geschichte\/\" target=\"_blank\" rel=\"noreferrer noopener\">Soligo<\/a>, <a href=\"https:\/\/www.vignetivinessa.it\/\">Vigneti Vinessa<\/a><\/p>\n\n\n\n<p><strong>Piemonte:&nbsp;<\/strong><a href=\"https:\/\/www.santanna-dei-bricchetti.it\/\" target=\"_blank\" rel=\"noreferrer noopener\">Sant\u00b4&#8217;Anna dei Bricchetti<\/a>,<a href=\"https:\/\/www.instagram.com\/valletti_roberta\/\" target=\"_blank\" rel=\"noreferrer noopener\">&nbsp;Valletti Roberta<\/a>,&nbsp;<a href=\"https:\/\/www.sordowines.com\/\" target=\"_blank\" rel=\"noreferrer noopener\">Sordo Giovanni<\/a>, <a href=\"https:\/\/www.salvano.com\/it\/home.php\">Salvano<\/a>, <a href=\"https:\/\/www.lacascinadicarlotta.it\/\">La Cascina di Carlotta<\/a><\/p>\n\n\n\n<p><strong>Emilia Romagna:<\/strong>&nbsp;<a href=\"https:\/\/www.medici.it\/\" target=\"_blank\" rel=\"noreferrer noopener\">Medici Ermete<\/a>,&nbsp;<a href=\"https:\/\/www.terrecevico.com\/\" target=\"_blank\" rel=\"noreferrer noopener\">Terre Cevico<\/a><\/p>\n\n\n\n<p><strong>Toscana:<\/strong>\u00a0<a href=\"https:\/\/www.bertinga.it\/it\/home.html\" target=\"_blank\" rel=\"noreferrer noopener\">Bertinga<\/a>\u00a0bio,\u00a0<a href=\"https:\/\/www.castellomeleto.it\/\" target=\"_blank\" rel=\"noreferrer noopener\">Castello di Meleto\u00a0<\/a>bio,\u00a0<a href=\"https:\/\/www.petrawine.it\/\" target=\"_blank\" rel=\"noreferrer noopener\">Petra<\/a>,\u00a0<a href=\"https:\/\/lacortedeiventi.it\/\" target=\"_blank\" rel=\"noreferrer noopener\">Corte dei Venti<\/a> bio,\u00a0<a href=\"https:\/\/www.tenutadimontefoscoli.com\/it\/\">Tentuta di Montefoscoli<\/a>, <a href=\"https:\/\/www.campomaggio.com\/\" target=\"_blank\" rel=\"noreferrer noopener\">Tenuta di Campomaggio<\/a>,\u00a0<a href=\"https:\/\/basilessa.it\/\" target=\"_blank\" rel=\"noreferrer noopener\">Basile\u00a0<\/a>bio<\/p>\n\n\n\n<p><strong>Marche:<\/strong>&nbsp;<a href=\"https:\/\/www.vittorini.it\/\">Vittorini<\/a>, <a href=\"https:\/\/www.spinsanti.eu\/\" target=\"_blank\" rel=\"noreferrer noopener\">Spinsanti Catia<\/a><\/p>\n\n\n\n<p><strong>Umbria:&nbsp;<\/strong><a href=\"https:\/\/www.vinigoretti.com\/\" target=\"_blank\" rel=\"noreferrer noopener\">Goretti<\/a><\/p>\n\n\n\n<p><strong>Abruzzo:<\/strong>&nbsp;<a href=\"https:\/\/www.ilquercetto.it\/\" target=\"_blank\" rel=\"noreferrer noopener\">Il Quercetto<\/a><\/p>\n\n\n\n<p><strong>Campania:<\/strong>&nbsp;<a href=\"https:\/\/vinosia.it\/\" target=\"_blank\" rel=\"noreferrer noopener\">Vinosia<\/a><\/p>\n\n\n\n<p><strong>Puglia:<\/strong>&nbsp;<a href=\"https:\/\/www.anticacantina.it\/\" target=\"_blank\" rel=\"noreferrer noopener\">Antica Cantina<\/a>,&nbsp;<a href=\"https:\/\/www.cantineduepalme.wine\/it\/\" target=\"_blank\" rel=\"noreferrer noopener\">Due Palme<\/a><\/p>\n\n\n\n<p><strong>Calabria<\/strong>: <a href=\"https:\/\/www.tenutepacelli.it\/\">Tenute Pacelli<\/a> bio<\/p>\n\n\n\n<p><strong>Sicilia:<\/strong>&nbsp;<a href=\"https:\/\/cantinefina.it\/\" target=\"_blank\" rel=\"noreferrer noopener\">Fina<\/a><\/p>\n\n\n\n<p><strong>Specialit\u00e1:\u00a0<\/strong><a href=\"https:\/\/madiagastro.com\/\">Madia Gastro<\/a>: prosciutto di Sauris, Pittina IGP, Salumi, Asiago, Caciotta, Formadi frant, salsa tartufata, baccal\u00e0 mantecato ecc., olio d&#8217;oliva Parovel,\u00a0<a href=\"https:\/\/www.cameldistillerie.it\/\" target=\"_blank\" rel=\"noreferrer noopener\">Camel Pasticceria<\/a>,\u00a0<a href=\"https:\/\/www.bepitosolini.it\/it\/products_categories\/grappa\/\" target=\"_blank\" rel=\"noreferrer noopener\">Distilleria Bepi Tosolini<\/a>, <a href=\"https:\/\/www.mistervino.it\/\">Mistervino<\/a>; <a href=\"https:\/\/www.aziendaagricoladiana.it\/\" target=\"_blank\" rel=\"noreferrer noopener\">Vincenzo Diana<\/a>: olio d&#8217;oliva e vini calabresi, Caff\u00e9 &amp; panettone <a href=\"https:\/\/caffe24k.it\/\">coffe club 24k<\/a><\/p>\n\n\n\n<p><strong>15 Uhr: Ros\u00e8-Seminar Valt\u00e8nesi:<\/strong> Gemeinsam mit Juri Pagani, direttore Consorzio Valt\u00e8nesi, k\u00f6nnen wir das Besondere der Ros\u00e8-Weine am Westufer des Gardasees entdecken, die viel Eleganz, aber auch langes Reifepotenzial aufweisen &#8211; <strong>leider schon ausgebucht, Schreiben Sie uns ein mail, mit etwas Gl\u00fcck wird wieder ein Platz frei!<\/strong><\/p>\n\n\n\n<p>Am Tisch des <a href=\"https:\/\/www.consorziovaltenesi.it\/territorio\/\" target=\"_blank\" rel=\"noreferrer noopener\">Consorzio Valt\u00e9nesi<\/a> geben 22 Weine einen \u00dcberblick \u00fcber den typischen Ros\u00e8-stil vom Gardasee.<\/p>\n\n\n\n<p>Am 15.9. feiern wir gemeinsam <strong>15 Jahre \u201eSelezione Italia\u201c<\/strong> und Wein&amp;Kultur in \u00d6sterreich \u2013 festeggiamo insieme <strong>15 anni di Selezione Italia <\/strong>e Wein&amp;Kultur in Austria!<\/p>\n\n\n\n<p>Zur Teilnahme senden Sie bitte ein E.mail an <a href=\"mailto:marina@weinundkultur.eu\">marina@weinundkultur.eu<\/a><\/p>\n\n\n\n<p><\/p>\n<\/div>\n\n\n\n<div class=\"wp-block-column is-vertically-aligned-stretch is-layout-flow wp-block-column-is-layout-flow\">\n<div class=\"wp-block-group is-layout-constrained wp-block-group-is-layout-constrained\">\n<div class=\"wp-block-webfactory-map\"><div class=\"wp-block-webfactory-map\"><\/div><\/div>\n<\/div>\n<\/div>\n<\/div>\n\n\n\n<figure class=\"wp-block-gallery has-nested-images columns-default is-cropped wp-block-gallery-1 is-layout-flex wp-block-gallery-is-layout-flex\">\n<figure class=\"wp-block-image size-large\"><img fetchpriority=\"high\" decoding=\"async\" width=\"1024\" height=\"683\" data-id=\"554\" src=\"https:\/\/weinundkultur.eu\/at\/wp-content\/uploads\/sites\/2\/2025\/05\/Votivsaal-1024x683.jpg\" alt=\"\" class=\"wp-image-554\" srcset=\"https:\/\/weinundkultur.eu\/at\/wp-content\/uploads\/sites\/2\/2025\/05\/Votivsaal-1024x683.jpg 1024w, https:\/\/weinundkultur.eu\/at\/wp-content\/uploads\/sites\/2\/2025\/05\/Votivsaal-300x200.jpg 300w, https:\/\/weinundkultur.eu\/at\/wp-content\/uploads\/sites\/2\/2025\/05\/Votivsaal-768x512.jpg 768w, https:\/\/weinundkultur.eu\/at\/wp-content\/uploads\/sites\/2\/2025\/05\/Votivsaal-1536x1024.jpg 1536w, https:\/\/weinundkultur.eu\/at\/wp-content\/uploads\/sites\/2\/2025\/05\/Votivsaal.jpg 1600w\" sizes=\"(max-width: 1024px) 100vw, 1024px\" \/><\/figure>\n\n\n\n<figure class=\"wp-block-image size-large\"><img decoding=\"async\" width=\"300\" height=\"200\" data-id=\"550\" src=\"https:\/\/weinundkultur.eu\/at\/wp-content\/uploads\/sites\/2\/2025\/05\/FOTO-Hotel-Regina-300x200-1.jpg\" alt=\"\" class=\"wp-image-550\"\/><\/figure>\n\n\n\n<figure class=\"wp-block-image size-large\"><img decoding=\"async\" width=\"1024\" height=\"683\" data-id=\"555\" src=\"https:\/\/weinundkultur.eu\/at\/wp-content\/uploads\/sites\/2\/2025\/05\/Votivsaal-1-1024x683.jpg\" alt=\"\" class=\"wp-image-555\" srcset=\"https:\/\/weinundkultur.eu\/at\/wp-content\/uploads\/sites\/2\/2025\/05\/Votivsaal-1-1024x683.jpg 1024w, https:\/\/weinundkultur.eu\/at\/wp-content\/uploads\/sites\/2\/2025\/05\/Votivsaal-1-300x200.jpg 300w, https:\/\/weinundkultur.eu\/at\/wp-content\/uploads\/sites\/2\/2025\/05\/Votivsaal-1-768x512.jpg 768w, https:\/\/weinundkultur.eu\/at\/wp-content\/uploads\/sites\/2\/2025\/05\/Votivsaal-1-1536x1024.jpg 1536w, https:\/\/weinundkultur.eu\/at\/wp-content\/uploads\/sites\/2\/2025\/05\/Votivsaal-1-2048x1365.jpg 2048w\" sizes=\"(max-width: 1024px) 100vw, 1024px\" \/><\/figure>\n\n\n\n<figure class=\"wp-block-image size-large\"><img loading=\"lazy\" decoding=\"async\" width=\"683\" height=\"1024\" data-id=\"562\" src=\"https:\/\/weinundkultur.eu\/at\/wp-content\/uploads\/sites\/2\/2025\/05\/Menhir-Salento-683x1024.jpg\" alt=\"\" class=\"wp-image-562\" srcset=\"https:\/\/weinundkultur.eu\/at\/wp-content\/uploads\/sites\/2\/2025\/05\/Menhir-Salento-683x1024.jpg 683w, https:\/\/weinundkultur.eu\/at\/wp-content\/uploads\/sites\/2\/2025\/05\/Menhir-Salento-200x300.jpg 200w, https:\/\/weinundkultur.eu\/at\/wp-content\/uploads\/sites\/2\/2025\/05\/Menhir-Salento-768x1152.jpg 768w, https:\/\/weinundkultur.eu\/at\/wp-content\/uploads\/sites\/2\/2025\/05\/Menhir-Salento-1024x1536.jpg 1024w, https:\/\/weinundkultur.eu\/at\/wp-content\/uploads\/sites\/2\/2025\/05\/Menhir-Salento.jpg 1067w\" sizes=\"(max-width: 683px) 100vw, 683px\" \/><\/figure>\n\n\n\n<figure class=\"wp-block-image size-large\"><img loading=\"lazy\" decoding=\"async\" width=\"683\" height=\"1024\" data-id=\"559\" src=\"https:\/\/weinundkultur.eu\/at\/wp-content\/uploads\/sites\/2\/2025\/05\/202\ufffd-Verkostung-FEB-WEB-42-von-90-683x1024.jpg\" alt=\"\" class=\"wp-image-559\" srcset=\"https:\/\/weinundkultur.eu\/at\/wp-content\/uploads\/sites\/2\/2025\/05\/202\ufffd-Verkostung-FEB-WEB-42-von-90-683x1024.jpg 683w, https:\/\/weinundkultur.eu\/at\/wp-content\/uploads\/sites\/2\/2025\/05\/202\ufffd-Verkostung-FEB-WEB-42-von-90-200x300.jpg 200w, https:\/\/weinundkultur.eu\/at\/wp-content\/uploads\/sites\/2\/2025\/05\/202\ufffd-Verkostung-FEB-WEB-42-von-90-768x1152.jpg 768w, https:\/\/weinundkultur.eu\/at\/wp-content\/uploads\/sites\/2\/2025\/05\/202\ufffd-Verkostung-FEB-WEB-42-von-90-1024x1536.jpg 1024w, https:\/\/weinundkultur.eu\/at\/wp-content\/uploads\/sites\/2\/2025\/05\/202\ufffd-Verkostung-FEB-WEB-42-von-90.jpg 1067w\" sizes=\"(max-width: 683px) 100vw, 683px\" \/><\/figure>\n\n\n\n<figure class=\"wp-block-image size-large\"><img loading=\"lazy\" decoding=\"async\" width=\"683\" height=\"1024\" data-id=\"557\" src=\"https:\/\/weinundkultur.eu\/at\/wp-content\/uploads\/sites\/2\/2025\/05\/202\ufffd-Verkostung-FEB-WEB-37-von-90-683x1024.jpg\" alt=\"\" class=\"wp-image-557\" srcset=\"https:\/\/weinundkultur.eu\/at\/wp-content\/uploads\/sites\/2\/2025\/05\/202\ufffd-Verkostung-FEB-WEB-37-von-90-683x1024.jpg 683w, https:\/\/weinundkultur.eu\/at\/wp-content\/uploads\/sites\/2\/2025\/05\/202\ufffd-Verkostung-FEB-WEB-37-von-90-200x300.jpg 200w, https:\/\/weinundkultur.eu\/at\/wp-content\/uploads\/sites\/2\/2025\/05\/202\ufffd-Verkostung-FEB-WEB-37-von-90-768x1152.jpg 768w, https:\/\/weinundkultur.eu\/at\/wp-content\/uploads\/sites\/2\/2025\/05\/202\ufffd-Verkostung-FEB-WEB-37-von-90-1024x1536.jpg 1024w, https:\/\/weinundkultur.eu\/at\/wp-content\/uploads\/sites\/2\/2025\/05\/202\ufffd-Verkostung-FEB-WEB-37-von-90.jpg 1067w\" sizes=\"(max-width: 683px) 100vw, 683px\" \/><\/figure>\n\n\n\n<figure class=\"wp-block-image size-large\"><img loading=\"lazy\" decoding=\"async\" width=\"683\" height=\"1024\" data-id=\"558\" src=\"https:\/\/weinundkultur.eu\/at\/wp-content\/uploads\/sites\/2\/2025\/05\/202\ufffd-Verkostung-FEB-WEB-41-von-90-683x1024.jpg\" alt=\"\" class=\"wp-image-558\" srcset=\"https:\/\/weinundkultur.eu\/at\/wp-content\/uploads\/sites\/2\/2025\/05\/202\ufffd-Verkostung-FEB-WEB-41-von-90-683x1024.jpg 683w, https:\/\/weinundkultur.eu\/at\/wp-content\/uploads\/sites\/2\/2025\/05\/202\ufffd-Verkostung-FEB-WEB-41-von-90-200x300.jpg 200w, https:\/\/weinundkultur.eu\/at\/wp-content\/uploads\/sites\/2\/2025\/05\/202\ufffd-Verkostung-FEB-WEB-41-von-90-768x1152.jpg 768w, https:\/\/weinundkultur.eu\/at\/wp-content\/uploads\/sites\/2\/2025\/05\/202\ufffd-Verkostung-FEB-WEB-41-von-90-1024x1536.jpg 1024w, https:\/\/weinundkultur.eu\/at\/wp-content\/uploads\/sites\/2\/2025\/05\/202\ufffd-Verkostung-FEB-WEB-41-von-90.jpg 1067w\" sizes=\"(max-width: 683px) 100vw, 683px\" \/><\/figure>\n\n\n\n<figure class=\"wp-block-image size-large\"><img loading=\"lazy\" decoding=\"async\" width=\"683\" height=\"1024\" data-id=\"560\" src=\"https:\/\/weinundkultur.eu\/at\/wp-content\/uploads\/sites\/2\/2025\/05\/202\ufffd-Verkostung-FEB-WEB-48-von-90-683x1024.jpg\" alt=\"\" class=\"wp-image-560\" srcset=\"https:\/\/weinundkultur.eu\/at\/wp-content\/uploads\/sites\/2\/2025\/05\/202\ufffd-Verkostung-FEB-WEB-48-von-90-683x1024.jpg 683w, https:\/\/weinundkultur.eu\/at\/wp-content\/uploads\/sites\/2\/2025\/05\/202\ufffd-Verkostung-FEB-WEB-48-von-90-200x300.jpg 200w, https:\/\/weinundkultur.eu\/at\/wp-content\/uploads\/sites\/2\/2025\/05\/202\ufffd-Verkostung-FEB-WEB-48-von-90-768x1152.jpg 768w, https:\/\/weinundkultur.eu\/at\/wp-content\/uploads\/sites\/2\/2025\/05\/202\ufffd-Verkostung-FEB-WEB-48-von-90-1024x1536.jpg 1024w, https:\/\/weinundkultur.eu\/at\/wp-content\/uploads\/sites\/2\/2025\/05\/202\ufffd-Verkostung-FEB-WEB-48-von-90.jpg 1067w\" sizes=\"(max-width: 683px) 100vw, 683px\" \/><\/figure>\n\n\n\n<figure class=\"wp-block-image size-large\"><img loading=\"lazy\" decoding=\"async\" width=\"683\" height=\"1024\" data-id=\"561\" src=\"https:\/\/weinundkultur.eu\/at\/wp-content\/uploads\/sites\/2\/2025\/05\/202\ufffd-Verkostung-FEB-WEB-70-von-90-683x1024.jpg\" alt=\"\" class=\"wp-image-561\" srcset=\"https:\/\/weinundkultur.eu\/at\/wp-content\/uploads\/sites\/2\/2025\/05\/202\ufffd-Verkostung-FEB-WEB-70-von-90-683x1024.jpg 683w, https:\/\/weinundkultur.eu\/at\/wp-content\/uploads\/sites\/2\/2025\/05\/202\ufffd-Verkostung-FEB-WEB-70-von-90-200x300.jpg 200w, https:\/\/weinundkultur.eu\/at\/wp-content\/uploads\/sites\/2\/2025\/05\/202\ufffd-Verkostung-FEB-WEB-70-von-90-768x1152.jpg 768w, https:\/\/weinundkultur.eu\/at\/wp-content\/uploads\/sites\/2\/2025\/05\/202\ufffd-Verkostung-FEB-WEB-70-von-90-1024x1536.jpg 1024w, https:\/\/weinundkultur.eu\/at\/wp-content\/uploads\/sites\/2\/2025\/05\/202\ufffd-Verkostung-FEB-WEB-70-von-90.jpg 1067w\" sizes=\"(max-width: 683px) 100vw, 683px\" \/><\/figure>\n\n\n\n<figure class=\"wp-block-image size-large\"><img loading=\"lazy\" decoding=\"async\" width=\"1024\" height=\"683\" data-id=\"556\" src=\"https:\/\/weinundkultur.eu\/at\/wp-content\/uploads\/sites\/2\/2025\/05\/202\ufffd-Verkostung-FEB-WEB-1-von-90-1024x683.jpg\" alt=\"\" class=\"wp-image-556\" srcset=\"https:\/\/weinundkultur.eu\/at\/wp-content\/uploads\/sites\/2\/2025\/05\/202\ufffd-Verkostung-FEB-WEB-1-von-90-1024x683.jpg 1024w, https:\/\/weinundkultur.eu\/at\/wp-content\/uploads\/sites\/2\/2025\/05\/202\ufffd-Verkostung-FEB-WEB-1-von-90-300x200.jpg 300w, https:\/\/weinundkultur.eu\/at\/wp-content\/uploads\/sites\/2\/2025\/05\/202\ufffd-Verkostung-FEB-WEB-1-von-90-768x512.jpg 768w, https:\/\/weinundkultur.eu\/at\/wp-content\/uploads\/sites\/2\/2025\/05\/202\ufffd-Verkostung-FEB-WEB-1-von-90-1536x1024.jpg 1536w, https:\/\/weinundkultur.eu\/at\/wp-content\/uploads\/sites\/2\/2025\/05\/202\ufffd-Verkostung-FEB-WEB-1-von-90.jpg 1600w\" sizes=\"(max-width: 1024px) 100vw, 1024px\" \/><\/figure>\n\n\n\n<figure class=\"wp-block-image size-large\"><img loading=\"lazy\" decoding=\"async\" width=\"1024\" height=\"683\" data-id=\"552\" src=\"https:\/\/weinundkultur.eu\/at\/wp-content\/uploads\/sites\/2\/2025\/05\/Seminar2bis-1024x683.jpg\" alt=\"\" class=\"wp-image-552\" srcset=\"https:\/\/weinundkultur.eu\/at\/wp-content\/uploads\/sites\/2\/2025\/05\/Seminar2bis-1024x683.jpg 1024w, https:\/\/weinundkultur.eu\/at\/wp-content\/uploads\/sites\/2\/2025\/05\/Seminar2bis-300x200.jpg 300w, https:\/\/weinundkultur.eu\/at\/wp-content\/uploads\/sites\/2\/2025\/05\/Seminar2bis-768x512.jpg 768w, https:\/\/weinundkultur.eu\/at\/wp-content\/uploads\/sites\/2\/2025\/05\/Seminar2bis-1536x1024.jpg 1536w, https:\/\/weinundkultur.eu\/at\/wp-content\/uploads\/sites\/2\/2025\/05\/Seminar2bis.jpg 1600w\" sizes=\"(max-width: 1024px) 100vw, 1024px\" \/><\/figure>\n<\/figure>\n\n\n\n\n\n<p><\/p>\n","protected":false},"excerpt":{"rendered":"<p>Montag, 15. September 2025, 12-19.00 Hotel Regina, Vienna Liebe Weinfreunde, dieses Mal gibt es 6 Gr\u00fcnde f\u00fcr die Teilnahme an unserer Jubil\u00e4ums-Veranstaltung am Mo.15.9. im Hotel Regina in Wien: Einige unsere Highlights sind Wei\u00dfweine aus dem Friaul, Barolo, Brunello und Amarone. Wir k\u00f6nnen aber auch Rarit\u00e4ten entdecken wie Nascetta, Falanghina, Greco, Fiano, Montefalco, einen Riesling-Sekt [&hellip;]<\/p>\n","protected":false},"author":1,"featured_media":0,"parent":0,"menu_order":0,"comment_status":"closed","ping_status":"closed","template":"page-no-title","meta":{"_acf_changed":false,"footnotes":""},"folder":[5],"class_list":["post-381","page","type-page","status-publish","hentry"],"acf":[],"_links":{"self":[{"href":"https:\/\/weinundkultur.eu\/at\/wp-json\/wp\/v2\/pages\/381","targetHints":{"allow":["GET"]}}],"collection":[{"href":"https:\/\/weinundkultur.eu\/at\/wp-json\/wp\/v2\/pages"}],"about":[{"href":"https:\/\/weinundkultur.eu\/at\/wp-json\/wp\/v2\/types\/page"}],"author":[{"embeddable":true,"href":"https:\/\/weinundkultur.eu\/at\/wp-json\/wp\/v2\/users\/1"}],"replies":[{"embeddable":true,"href":"https:\/\/weinundkultur.eu\/at\/wp-json\/wp\/v2\/comments?post=381"}],"version-history":[{"count":29,"href":"https:\/\/weinundkultur.eu\/at\/wp-json\/wp\/v2\/pages\/381\/revisions"}],"predecessor-version":[{"id":734,"href":"https:\/\/weinundkultur.eu\/at\/wp-json\/wp\/v2\/pages\/381\/revisions\/734"}],"wp:attachment":[{"href":"https:\/\/weinundkultur.eu\/at\/wp-json\/wp\/v2\/media?parent=381"}],"wp:term":[{"taxonomy":"folder","embeddable":true,"href":"https:\/\/weinundkultur.eu\/at\/wp-json\/wp\/v2\/folder?post=381"}],"curies":[{"name":"wp","href":"https:\/\/api.w.org\/{rel}","templated":true}]}}