{"id":24,"date":"2025-04-03T20:58:02","date_gmt":"2025-04-03T20:58:02","guid":{"rendered":"https:\/\/weinundkultur.eu\/it\/?page_id=24"},"modified":"2025-10-28T11:07:43","modified_gmt":"2025-10-28T11:07:43","slug":"chi-siamo","status":"publish","type":"page","link":"https:\/\/weinundkultur.eu\/it\/chi-siamo\/","title":{"rendered":"Chi Siamo"},"content":{"rendered":"\t\t<div data-elementor-type=\"wp-page\" data-elementor-id=\"24\" class=\"elementor elementor-24\" data-elementor-post-type=\"page\">\n\t\t\t\t<div class=\"elementor-element elementor-element-508e05e e-flex e-con-boxed e-con e-parent\" data-id=\"508e05e\" data-element_type=\"container\">\n\t\t\t\t\t<div class=\"e-con-inner\">\n\t\t\t\t<div class=\"elementor-element elementor-element-3b53f70 elementor-widget elementor-widget-heading\" data-id=\"3b53f70\" data-element_type=\"widget\" data-widget_type=\"heading.default\">\n\t\t\t\t<div class=\"elementor-widget-container\">\n\t\t\t\t\t<h2 class=\"elementor-heading-title elementor-size-default\">Chi siamo<\/h2>\t\t\t\t<\/div>\n\t\t\t\t<\/div>\n\t\t\t\t\t<\/div>\n\t\t\t\t<\/div>\n\t\t<div class=\"elementor-element elementor-element-2b8accf e-flex e-con-boxed e-con e-parent\" data-id=\"2b8accf\" data-element_type=\"container\">\n\t\t\t\t\t<div class=\"e-con-inner\">\n\t\t<div class=\"elementor-element elementor-element-def9937 e-con-full e-flex e-con e-child\" data-id=\"def9937\" data-element_type=\"container\">\n\t\t\t\t<div class=\"elementor-element elementor-element-062f516 elementor-widget elementor-widget-text-editor\" data-id=\"062f516\" data-element_type=\"widget\" data-widget_type=\"text-editor.default\">\n\t\t\t\t<div class=\"elementor-widget-container\">\n\t\t\t\t\t\t\t\t\t<p><strong>Christian Bauer<br \/><\/strong>Degustatore ONAV, partecipa spesso come commissario a concorsi di vino quali CMB e Citt\u00e0 del Vino. Austriaco di nascita, ha vissuto per 20 anni in Italia dove ha scoperto la passione per il vino. Inoltre \u00e9 Cavaliere del Tartufo e dei Vini d&#8217;Alba.<\/p>\n<p><!-- \/wp:paragraph --><!-- wp:paragraph --><\/p>\n<p><strong>Marina Rebora<br \/><\/strong>Italiana, di formazione interprete e traduttrice, \u00e8 diventata \u201cWeinexpertin\u201d frequentando il primo corso per Sommelier a Vienna e Assaggiatrice di Formaggi con il corso ONAF a Milano. Tiene vivo l\u00b4amore per l\u00b4Italia insegnando l\u00b4italiano e promuovendo i prodotti e la cultura italiana in Austria.<\/p>\n<p><!-- \/wp:paragraph --><!-- wp:paragraph --><\/p>\n<p><strong>Wein&amp;Kultur<br \/><\/strong>Dal 2009 viviamo a Vienna, cercando di creare ponti tra i nostri due paesi. Organizziamo manifestazioni per far conoscere le eccellenze vitivinicole italiane, anche quelle provenienti da zone meno note. Assistiamo con tanta passione Consorzi e produttori italiani nella creazione di contatti commerciali con operatori austriaci interessati all\u00b4Italia. Ne conosciamo personalmente pi\u00fa di 1000 che invitiamo poi ai nostri eventi. Clicca qui per vedere gli <a href=\"https:\/\/weinundkultur.eu\/at\/category\/vergangene-veranstaltungen\/\" target=\"_blank\" rel=\"noopener\">eventi passati<\/a>!<\/p>\n<p><!-- \/wp:paragraph --><!-- wp:paragraph --><\/p>\n<p>Per informazioni e costi relativi alle nostre manifestazioni mandateci una mail: <a href=\"mailto:marina@weinundkultur.eu\" target=\"_blank\" rel=\"noreferrer noopener\">marina@weinundkultur.eu<\/a>, chiamateci ai numeri che trovate sotto oppure mandateci un Whatsapp ai nostri numeri austriaci! A presto!<\/p>\t\t\t\t\t\t\t\t<\/div>\n\t\t\t\t<\/div>\n\t\t\t\t<\/div>\n\t\t<div class=\"elementor-element elementor-element-92a010c e-con-full e-flex e-con e-child\" data-id=\"92a010c\" data-element_type=\"container\">\n\t\t\t\t<div class=\"elementor-element elementor-element-467854d elementor-widget elementor-widget-image\" data-id=\"467854d\" data-element_type=\"widget\" data-widget_type=\"image.default\">\n\t\t\t\t<div class=\"elementor-widget-container\">\n\t\t\t\t\t\t\t\t\t\t\t\t\t\t\t<img fetchpriority=\"high\" decoding=\"async\" width=\"800\" height=\"800\" src=\"https:\/\/weinundkultur.eu\/it\/wp-content\/uploads\/sites\/3\/2025\/09\/noi-quadr-1024x1024.jpg\" class=\"attachment-large size-large wp-image-808\" alt=\"\" srcset=\"https:\/\/weinundkultur.eu\/it\/wp-content\/uploads\/sites\/3\/2025\/09\/noi-quadr-1024x1024.jpg 1024w, https:\/\/weinundkultur.eu\/it\/wp-content\/uploads\/sites\/3\/2025\/09\/noi-quadr-300x300.jpg 300w, https:\/\/weinundkultur.eu\/it\/wp-content\/uploads\/sites\/3\/2025\/09\/noi-quadr-150x150.jpg 150w, https:\/\/weinundkultur.eu\/it\/wp-content\/uploads\/sites\/3\/2025\/09\/noi-quadr-768x768.jpg 768w, https:\/\/weinundkultur.eu\/it\/wp-content\/uploads\/sites\/3\/2025\/09\/noi-quadr-1536x1536.jpg 1536w, https:\/\/weinundkultur.eu\/it\/wp-content\/uploads\/sites\/3\/2025\/09\/noi-quadr.jpg 1621w\" sizes=\"(max-width: 800px) 100vw, 800px\" \/>\t\t\t\t\t\t\t\t\t\t\t\t\t\t\t<\/div>\n\t\t\t\t<\/div>\n\t\t\t\t<\/div>\n\t\t\t\t\t<\/div>\n\t\t\t\t<\/div>\n\t\t<div class=\"elementor-element elementor-element-909c9df e-flex e-con-boxed e-con e-parent\" data-id=\"909c9df\" data-element_type=\"container\">\n\t\t\t\t\t<div class=\"e-con-inner\">\n\t\t<div class=\"elementor-element elementor-element-1842d6b e-con-full e-flex e-con e-child\" data-id=\"1842d6b\" data-element_type=\"container\">\n\t\t\t\t<div class=\"elementor-element elementor-element-7f8ab78 elementor-vertical-align-top elementor-widget elementor-widget-image-box\" data-id=\"7f8ab78\" data-element_type=\"widget\" data-widget_type=\"image-box.default\">\n\t\t\t\t<div class=\"elementor-widget-container\">\n\t\t\t\t\t<div class=\"elementor-image-box-wrapper\"><div class=\"elementor-image-box-content\"><h3 class=\"elementor-image-box-title\">Wein &amp; kultur<\/h3><p class=\"elementor-image-box-description\">Leegasse 4\/10<br>1140 Vienna<br>Austria<\/p><\/div><\/div>\t\t\t\t<\/div>\n\t\t\t\t<\/div>\n\t\t\t\t<\/div>\n\t\t<div class=\"elementor-element elementor-element-36ae95e e-con-full e-flex e-con e-child\" data-id=\"36ae95e\" data-element_type=\"container\">\n\t\t\t\t<div class=\"elementor-element elementor-element-9f9cb1f elementor-position-left elementor-position-left elementor-vertical-align-top elementor-widget elementor-widget-image-box\" data-id=\"9f9cb1f\" data-element_type=\"widget\" data-widget_type=\"image-box.default\">\n\t\t\t\t<div class=\"elementor-widget-container\">\n\t\t\t\t\t<div class=\"elementor-image-box-wrapper\"><figure class=\"elementor-image-box-img\"><img decoding=\"async\" width=\"150\" height=\"150\" src=\"https:\/\/weinundkultur.eu\/it\/wp-content\/uploads\/sites\/3\/2025\/09\/1.png\" class=\"attachment-full size-full wp-image-810\" alt=\"\" \/><\/figure><div class=\"elementor-image-box-content\"><h3 class=\"elementor-image-box-title\">Christian Bauer<\/h3><p class=\"elementor-image-box-description\">christian@weinundkultur.eu<br>+43 699 1947 8171<br>(whatsapp)<\/p><\/div><\/div>\t\t\t\t<\/div>\n\t\t\t\t<\/div>\n\t\t\t\t<\/div>\n\t\t<div class=\"elementor-element elementor-element-b5e60bd e-con-full e-flex e-con e-child\" data-id=\"b5e60bd\" data-element_type=\"container\">\n\t\t\t\t<div class=\"elementor-element elementor-element-c746132 elementor-position-left elementor-vertical-align-top elementor-widget elementor-widget-image-box\" data-id=\"c746132\" data-element_type=\"widget\" data-widget_type=\"image-box.default\">\n\t\t\t\t<div class=\"elementor-widget-container\">\n\t\t\t\t\t<div class=\"elementor-image-box-wrapper\"><figure class=\"elementor-image-box-img\"><img decoding=\"async\" width=\"150\" height=\"150\" src=\"https:\/\/weinundkultur.eu\/it\/wp-content\/uploads\/sites\/3\/2025\/09\/2.png\" class=\"attachment-full size-full wp-image-809\" alt=\"\" \/><\/figure><div class=\"elementor-image-box-content\"><h3 class=\"elementor-image-box-title\">MARINA REBORA<\/h3><p class=\"elementor-image-box-description\">marina@weinundkultur.eu<br>+43 699 1808 3121<br>+39 328 326 7975<\/p><\/div><\/div>\t\t\t\t<\/div>\n\t\t\t\t<\/div>\n\t\t\t\t<\/div>\n\t\t\t\t\t<\/div>\n\t\t\t\t<\/div>\n\t\t\t\t<\/div>\n\t\t","protected":false},"excerpt":{"rendered":"<p>Chi siamo Christian BauerDegustatore ONAV, partecipa spesso come commissario a concorsi di vino quali CMB e Citt\u00e0 del Vino. Austriaco di nascita, ha vissuto per 20 anni in Italia dove ha scoperto la passione per il vino. Inoltre \u00e9 Cavaliere del Tartufo e dei Vini d&#8217;Alba. Marina ReboraItaliana, di formazione interprete e traduttrice, \u00e8 diventata [&hellip;]<\/p>\n","protected":false},"author":1,"featured_media":0,"parent":0,"menu_order":0,"comment_status":"closed","ping_status":"closed","template":"elementor_header_footer","meta":{"_acf_changed":false,"footnotes":""},"folder":[],"class_list":["post-24","page","type-page","status-publish","hentry"],"acf":[],"_links":{"self":[{"href":"https:\/\/weinundkultur.eu\/it\/wp-json\/wp\/v2\/pages\/24","targetHints":{"allow":["GET"]}}],"collection":[{"href":"https:\/\/weinundkultur.eu\/it\/wp-json\/wp\/v2\/pages"}],"about":[{"href":"https:\/\/weinundkultur.eu\/it\/wp-json\/wp\/v2\/types\/page"}],"author":[{"embeddable":true,"href":"https:\/\/weinundkultur.eu\/it\/wp-json\/wp\/v2\/users\/1"}],"replies":[{"embeddable":true,"href":"https:\/\/weinundkultur.eu\/it\/wp-json\/wp\/v2\/comments?post=24"}],"version-history":[{"count":24,"href":"https:\/\/weinundkultur.eu\/it\/wp-json\/wp\/v2\/pages\/24\/revisions"}],"predecessor-version":[{"id":1060,"href":"https:\/\/weinundkultur.eu\/it\/wp-json\/wp\/v2\/pages\/24\/revisions\/1060"}],"wp:attachment":[{"href":"https:\/\/weinundkultur.eu\/it\/wp-json\/wp\/v2\/media?parent=24"}],"wp:term":[{"taxonomy":"folder","embeddable":true,"href":"https:\/\/weinundkultur.eu\/it\/wp-json\/wp\/v2\/folder?post=24"}],"curies":[{"name":"wp","href":"https:\/\/api.w.org\/{rel}","templated":true}]}}